{"id":1639,"date":"2022-04-10T15:05:05","date_gmt":"2022-04-10T13:05:05","guid":{"rendered":"https:\/\/lesmainsvertesducoeur.fr\/wordpress\/?page_id=1639"},"modified":"2026-04-26T13:22:38","modified_gmt":"2026-04-26T11:22:38","slug":"animations","status":"publish","type":"page","link":"https:\/\/lesmainsvertesducoeur.fr\/wordpress\/animations\/","title":{"rendered":"Animations 2026"},"content":{"rendered":"\n<h2 class=\"wp-block-heading\">Voici quelques animations pr\u00e9vues lors des ouvertures de jardins en 2026<\/h2>\n\n\n\n<p><\/p>\n\n\n\n<p><strong>Le <a href=\"https:\/\/lesmainsvertesducoeur.fr\/MVC\/Beaucourt\/Beaucourt-5.php&quot;\">samedi 22 et Dimanche 24 mai \u00e0 17h00 \u00e0 Cottevrard<\/a><\/strong>:<\/p>\n\n\n\n<p><img decoding=\"async\" src=\"https:\/\/lesmainsvertesducoeur.fr\/MVC\/Simottel\/cottevrard1.jpg\"><\/p>\n\n\n\n<p><a href=\"https:\/\/lesmainsvertesducoeur.fr\/MVC\/Billiard\/Un \u00e9crin de verdure en musique.mp4\">Concert d&rsquo;ouverture des Mains Vertes du Coeur<\/a> le vendredi 29 mai \u00e0 18h30 dans le jardin de la Guillaumette \u00e0 Bois Guillaume avec le choeur du CHU. Direction : Pierre D\u00e9chelotte.<\/p>\n\n\n\n<figure class=\"wp-block-image size-full\"><img loading=\"lazy\" decoding=\"async\" width=\"979\" height=\"651\" src=\"https:\/\/lesmainsvertesducoeur.fr\/wordpress\/wp-content\/uploads\/2026\/04\/Capture-concert1.png\" alt=\"\" class=\"wp-image-3309\" srcset=\"https:\/\/lesmainsvertesducoeur.fr\/wordpress\/wp-content\/uploads\/2026\/04\/Capture-concert1.png 979w, https:\/\/lesmainsvertesducoeur.fr\/wordpress\/wp-content\/uploads\/2026\/04\/Capture-concert1-768x511.png 768w, https:\/\/lesmainsvertesducoeur.fr\/wordpress\/wp-content\/uploads\/2026\/04\/Capture-concert1-300x199.png 300w\" sizes=\"auto, (max-width: 979px) 100vw, 979px\" \/><\/figure>\n\n\n\n<ul class=\"wp-block-list\">\n<li><strong>Le <a href=\"https:\/\/lesmainsvertesducoeur.fr\/MVC\/Beaucourt\/Beaucourt-5.php&quot;\">samedi 13 juin \u00e0 16h00 \u00e0 Butot<\/a><\/strong><a href=\"https:\/\/lesmainsvertesducoeur.fr\/MVC\/Beaucourt\/Beaucourt-5.php&quot;\"><\/a>: <\/li>\n<\/ul>\n\n\n\n<ul class=\"wp-block-list\">\n<li><a href=\"https:\/\/lesmainsvertesducoeur.fr\/MVC\/De%20saint-seine\/De%20saint-seine-5.php\"><strong>Le samedi 13 juin \u00e0 16h00 \u00e0 St Martin de Boscherville :<\/strong><\/a> <strong>Ensemble de 10 Tubas<\/strong><\/li>\n<\/ul>\n\n\n\n<figure class=\"wp-block-image size-large\"><img loading=\"lazy\" decoding=\"async\" width=\"1024\" height=\"380\" src=\"https:\/\/lesmainsvertesducoeur.fr\/wordpress\/wp-content\/uploads\/2026\/04\/TubaCite-1024x380.jpg\" alt=\"\" class=\"wp-image-3313\" srcset=\"https:\/\/lesmainsvertesducoeur.fr\/wordpress\/wp-content\/uploads\/2026\/04\/TubaCite-1024x380.jpg 1024w, https:\/\/lesmainsvertesducoeur.fr\/wordpress\/wp-content\/uploads\/2026\/04\/TubaCite-768x285.jpg 768w, https:\/\/lesmainsvertesducoeur.fr\/wordpress\/wp-content\/uploads\/2026\/04\/TubaCite-300x111.jpg 300w, https:\/\/lesmainsvertesducoeur.fr\/wordpress\/wp-content\/uploads\/2026\/04\/TubaCite.jpg 1082w\" sizes=\"auto, (max-width: 1024px) 100vw, 1024px\" \/><\/figure>\n\n\n\n<div class=\"wp-block-group\"><div class=\"wp-block-group__inner-container is-layout-constrained wp-block-group-is-layout-constrained\">\n<details class=\"wp-block-details is-layout-flow wp-block-details-is-layout-flow\"><summary>Extrait du concert d&rsquo;ouverture de 2025<br><\/summary>\n<div class=\"wp-block-media-text is-stacked-on-mobile\"><figure class=\"wp-block-media-text__media\"><video controls src=\"https:\/\/lesmainsvertesducoeur.fr\/MVC\/Billiard\/Un%20%C3%A9crin%20de%20verdure%20en%20musique.mp4\"><\/video><\/figure><div class=\"wp-block-media-text__content\">\n<p><\/p>\n<\/div><\/div>\n<\/details>\n<\/div><\/div>\n\n\n\n<p><\/p>\n","protected":false},"excerpt":{"rendered":"<p>Voici quelques animations pr\u00e9vues lors des ouvertures de jardins en 2026 Le samedi 22 et Dimanche 24 mai \u00e0 17h00 \u00e0 Cottevrard: Concert d&rsquo;ouverture des Mains Vertes du Coeur le vendredi 29 mai \u00e0 18h30 dans le jardin de la <a href=\"https:\/\/lesmainsvertesducoeur.fr\/wordpress\/animations\/\"> Read more&#8230;<\/a><\/p>\n","protected":false},"author":1,"featured_media":0,"parent":0,"menu_order":0,"comment_status":"closed","ping_status":"closed","template":"","meta":{"footnotes":""},"class_list":["post-1639","page","type-page","status-publish","hentry"],"yoast_head":"<!-- This site is optimized with the Yoast SEO plugin v27.4 - https:\/\/yoast.com\/product\/yoast-seo-wordpress\/ -->\n<title>Animations 2026 - LES MAINS VERTES DU COEUR<\/title>\n<meta name=\"description\" content=\"Des Jardins de Particuliers ouvrent leurs portes au profit de la Fondation Charles Nicolle les 11-12 et 18-19 juin 2022\" \/>\n<meta name=\"robots\" content=\"index, follow, max-snippet:-1, max-image-preview:large, max-video-preview:-1\" \/>\n<link rel=\"canonical\" href=\"https:\/\/lesmainsvertesducoeur.fr\/wordpress\/animations\/\" \/>\n<meta property=\"og:locale\" content=\"fr_FR\" \/>\n<meta property=\"og:type\" content=\"article\" \/>\n<meta property=\"og:title\" content=\"Animations 2026 - LES MAINS VERTES DU COEUR\" \/>\n<meta property=\"og:description\" content=\"Des Jardins de Particuliers ouvrent leurs portes au profit de la Fondation Charles Nicolle les 11-12 et 18-19 juin 2022\" \/>\n<meta property=\"og:url\" content=\"https:\/\/lesmainsvertesducoeur.fr\/wordpress\/animations\/\" \/>\n<meta property=\"og:site_name\" content=\"LES MAINS VERTES DU COEUR\" \/>\n<meta property=\"article:publisher\" content=\"https:\/\/www.facebook.com\/lesmainsvertesducoeur.fr\" \/>\n<meta property=\"article:modified_time\" content=\"2026-04-26T11:22:38+00:00\" \/>\n<meta property=\"og:image\" content=\"https:\/\/lesmainsvertesducoeur.fr\/MVC\/Simottel\/cottevrard1.jpg\" \/>\n<meta name=\"twitter:card\" content=\"summary_large_image\" \/>\n<meta name=\"twitter:label1\" content=\"Dur\u00e9e de lecture estim\u00e9e\" \/>\n\t<meta name=\"twitter:data1\" content=\"2 minutes\" \/>\n<script type=\"application\/ld+json\" class=\"yoast-schema-graph\">{\"@context\":\"https:\\\/\\\/schema.org\",\"@graph\":[{\"@type\":\"WebPage\",\"@id\":\"https:\\\/\\\/lesmainsvertesducoeur.fr\\\/wordpress\\\/animations\\\/\",\"url\":\"https:\\\/\\\/lesmainsvertesducoeur.fr\\\/wordpress\\\/animations\\\/\",\"name\":\"Animations 2026 - LES MAINS VERTES DU COEUR\",\"isPartOf\":{\"@id\":\"https:\\\/\\\/lesmainsvertesducoeur.fr\\\/wordpress\\\/#website\"},\"primaryImageOfPage\":{\"@id\":\"https:\\\/\\\/lesmainsvertesducoeur.fr\\\/wordpress\\\/animations\\\/#primaryimage\"},\"image\":{\"@id\":\"https:\\\/\\\/lesmainsvertesducoeur.fr\\\/wordpress\\\/animations\\\/#primaryimage\"},\"thumbnailUrl\":\"https:\\\/\\\/lesmainsvertesducoeur.fr\\\/MVC\\\/Simottel\\\/cottevrard1.jpg\",\"datePublished\":\"2022-04-10T13:05:05+00:00\",\"dateModified\":\"2026-04-26T11:22:38+00:00\",\"description\":\"Des Jardins de Particuliers ouvrent leurs portes au profit de la Fondation Charles Nicolle les 11-12 et 18-19 juin 2022\",\"breadcrumb\":{\"@id\":\"https:\\\/\\\/lesmainsvertesducoeur.fr\\\/wordpress\\\/animations\\\/#breadcrumb\"},\"inLanguage\":\"fr-FR\",\"potentialAction\":[{\"@type\":\"ReadAction\",\"target\":[\"https:\\\/\\\/lesmainsvertesducoeur.fr\\\/wordpress\\\/animations\\\/\"]}]},{\"@type\":\"ImageObject\",\"inLanguage\":\"fr-FR\",\"@id\":\"https:\\\/\\\/lesmainsvertesducoeur.fr\\\/wordpress\\\/animations\\\/#primaryimage\",\"url\":\"https:\\\/\\\/lesmainsvertesducoeur.fr\\\/MVC\\\/Simottel\\\/cottevrard1.jpg\",\"contentUrl\":\"https:\\\/\\\/lesmainsvertesducoeur.fr\\\/MVC\\\/Simottel\\\/cottevrard1.jpg\"},{\"@type\":\"BreadcrumbList\",\"@id\":\"https:\\\/\\\/lesmainsvertesducoeur.fr\\\/wordpress\\\/animations\\\/#breadcrumb\",\"itemListElement\":[{\"@type\":\"ListItem\",\"position\":1,\"name\":\"Accueil\",\"item\":\"https:\\\/\\\/lesmainsvertesducoeur.fr\\\/wordpress\\\/\"},{\"@type\":\"ListItem\",\"position\":2,\"name\":\"Animations 2026\"}]},{\"@type\":\"WebSite\",\"@id\":\"https:\\\/\\\/lesmainsvertesducoeur.fr\\\/wordpress\\\/#website\",\"url\":\"https:\\\/\\\/lesmainsvertesducoeur.fr\\\/wordpress\\\/\",\"name\":\"LES MAINS VERTES DU COEUR des jardins priv\u00e9s ouvrent pour \u00e9quiper les h\u00f4pitaux en mat\u00e9riels de pointe\",\"description\":\"Visite de jardins priv\u00e9s : Un plus pour les h\u00f4pitaux de Haute Normandie\",\"publisher\":{\"@id\":\"https:\\\/\\\/lesmainsvertesducoeur.fr\\\/wordpress\\\/#organization\"},\"alternateName\":\"LES MAINS VERTES DU COEUR\",\"potentialAction\":[{\"@type\":\"SearchAction\",\"target\":{\"@type\":\"EntryPoint\",\"urlTemplate\":\"https:\\\/\\\/lesmainsvertesducoeur.fr\\\/wordpress\\\/?s={search_term_string}\"},\"query-input\":{\"@type\":\"PropertyValueSpecification\",\"valueRequired\":true,\"valueName\":\"search_term_string\"}}],\"inLanguage\":\"fr-FR\"},{\"@type\":\"Organization\",\"@id\":\"https:\\\/\\\/lesmainsvertesducoeur.fr\\\/wordpress\\\/#organization\",\"name\":\"LES MAINS VERTES DU COEUR des jardins priv\u00e9s ouvrent pour \u00e9quiper les h\u00f4pitaux en mat\u00e9riels de pointe\",\"alternateName\":\"LES MAINS VERTES DU COEUR\",\"url\":\"https:\\\/\\\/lesmainsvertesducoeur.fr\\\/wordpress\\\/\",\"logo\":{\"@type\":\"ImageObject\",\"inLanguage\":\"fr-FR\",\"@id\":\"https:\\\/\\\/lesmainsvertesducoeur.fr\\\/wordpress\\\/#\\\/schema\\\/logo\\\/image\\\/\",\"url\":\"https:\\\/\\\/lesmainsvertesducoeur.fr\\\/wordpress\\\/wp-content\\\/uploads\\\/2020\\\/02\\\/LOGO.png\",\"contentUrl\":\"https:\\\/\\\/lesmainsvertesducoeur.fr\\\/wordpress\\\/wp-content\\\/uploads\\\/2020\\\/02\\\/LOGO.png\",\"width\":161,\"height\":130,\"caption\":\"LES MAINS VERTES DU COEUR des jardins priv\u00e9s ouvrent pour \u00e9quiper les h\u00f4pitaux en mat\u00e9riels de pointe\"},\"image\":{\"@id\":\"https:\\\/\\\/lesmainsvertesducoeur.fr\\\/wordpress\\\/#\\\/schema\\\/logo\\\/image\\\/\"},\"sameAs\":[\"https:\\\/\\\/www.facebook.com\\\/lesmainsvertesducoeur.fr\"]}]}<\/script>\n<!-- \/ Yoast SEO plugin. -->","yoast_head_json":{"title":"Animations 2026 - LES MAINS VERTES DU COEUR","description":"Des Jardins de Particuliers ouvrent leurs portes au profit de la Fondation Charles Nicolle les 11-12 et 18-19 juin 2022","robots":{"index":"index","follow":"follow","max-snippet":"max-snippet:-1","max-image-preview":"max-image-preview:large","max-video-preview":"max-video-preview:-1"},"canonical":"https:\/\/lesmainsvertesducoeur.fr\/wordpress\/animations\/","og_locale":"fr_FR","og_type":"article","og_title":"Animations 2026 - LES MAINS VERTES DU COEUR","og_description":"Des Jardins de Particuliers ouvrent leurs portes au profit de la Fondation Charles Nicolle les 11-12 et 18-19 juin 2022","og_url":"https:\/\/lesmainsvertesducoeur.fr\/wordpress\/animations\/","og_site_name":"LES MAINS VERTES DU COEUR","article_publisher":"https:\/\/www.facebook.com\/lesmainsvertesducoeur.fr","article_modified_time":"2026-04-26T11:22:38+00:00","og_image":[{"url":"https:\/\/lesmainsvertesducoeur.fr\/MVC\/Simottel\/cottevrard1.jpg","type":"","width":"","height":""}],"twitter_card":"summary_large_image","twitter_misc":{"Dur\u00e9e de lecture estim\u00e9e":"2 minutes"},"schema":{"@context":"https:\/\/schema.org","@graph":[{"@type":"WebPage","@id":"https:\/\/lesmainsvertesducoeur.fr\/wordpress\/animations\/","url":"https:\/\/lesmainsvertesducoeur.fr\/wordpress\/animations\/","name":"Animations 2026 - LES MAINS VERTES DU COEUR","isPartOf":{"@id":"https:\/\/lesmainsvertesducoeur.fr\/wordpress\/#website"},"primaryImageOfPage":{"@id":"https:\/\/lesmainsvertesducoeur.fr\/wordpress\/animations\/#primaryimage"},"image":{"@id":"https:\/\/lesmainsvertesducoeur.fr\/wordpress\/animations\/#primaryimage"},"thumbnailUrl":"https:\/\/lesmainsvertesducoeur.fr\/MVC\/Simottel\/cottevrard1.jpg","datePublished":"2022-04-10T13:05:05+00:00","dateModified":"2026-04-26T11:22:38+00:00","description":"Des Jardins de Particuliers ouvrent leurs portes au profit de la Fondation Charles Nicolle les 11-12 et 18-19 juin 2022","breadcrumb":{"@id":"https:\/\/lesmainsvertesducoeur.fr\/wordpress\/animations\/#breadcrumb"},"inLanguage":"fr-FR","potentialAction":[{"@type":"ReadAction","target":["https:\/\/lesmainsvertesducoeur.fr\/wordpress\/animations\/"]}]},{"@type":"ImageObject","inLanguage":"fr-FR","@id":"https:\/\/lesmainsvertesducoeur.fr\/wordpress\/animations\/#primaryimage","url":"https:\/\/lesmainsvertesducoeur.fr\/MVC\/Simottel\/cottevrard1.jpg","contentUrl":"https:\/\/lesmainsvertesducoeur.fr\/MVC\/Simottel\/cottevrard1.jpg"},{"@type":"BreadcrumbList","@id":"https:\/\/lesmainsvertesducoeur.fr\/wordpress\/animations\/#breadcrumb","itemListElement":[{"@type":"ListItem","position":1,"name":"Accueil","item":"https:\/\/lesmainsvertesducoeur.fr\/wordpress\/"},{"@type":"ListItem","position":2,"name":"Animations 2026"}]},{"@type":"WebSite","@id":"https:\/\/lesmainsvertesducoeur.fr\/wordpress\/#website","url":"https:\/\/lesmainsvertesducoeur.fr\/wordpress\/","name":"LES MAINS VERTES DU COEUR des jardins priv\u00e9s ouvrent pour \u00e9quiper les h\u00f4pitaux en mat\u00e9riels de pointe","description":"Visite de jardins priv\u00e9s : Un plus pour les h\u00f4pitaux de Haute Normandie","publisher":{"@id":"https:\/\/lesmainsvertesducoeur.fr\/wordpress\/#organization"},"alternateName":"LES MAINS VERTES DU COEUR","potentialAction":[{"@type":"SearchAction","target":{"@type":"EntryPoint","urlTemplate":"https:\/\/lesmainsvertesducoeur.fr\/wordpress\/?s={search_term_string}"},"query-input":{"@type":"PropertyValueSpecification","valueRequired":true,"valueName":"search_term_string"}}],"inLanguage":"fr-FR"},{"@type":"Organization","@id":"https:\/\/lesmainsvertesducoeur.fr\/wordpress\/#organization","name":"LES MAINS VERTES DU COEUR des jardins priv\u00e9s ouvrent pour \u00e9quiper les h\u00f4pitaux en mat\u00e9riels de pointe","alternateName":"LES MAINS VERTES DU COEUR","url":"https:\/\/lesmainsvertesducoeur.fr\/wordpress\/","logo":{"@type":"ImageObject","inLanguage":"fr-FR","@id":"https:\/\/lesmainsvertesducoeur.fr\/wordpress\/#\/schema\/logo\/image\/","url":"https:\/\/lesmainsvertesducoeur.fr\/wordpress\/wp-content\/uploads\/2020\/02\/LOGO.png","contentUrl":"https:\/\/lesmainsvertesducoeur.fr\/wordpress\/wp-content\/uploads\/2020\/02\/LOGO.png","width":161,"height":130,"caption":"LES MAINS VERTES DU COEUR des jardins priv\u00e9s ouvrent pour \u00e9quiper les h\u00f4pitaux en mat\u00e9riels de pointe"},"image":{"@id":"https:\/\/lesmainsvertesducoeur.fr\/wordpress\/#\/schema\/logo\/image\/"},"sameAs":["https:\/\/www.facebook.com\/lesmainsvertesducoeur.fr"]}]}},"_links":{"self":[{"href":"https:\/\/lesmainsvertesducoeur.fr\/wordpress\/wp-json\/wp\/v2\/pages\/1639","targetHints":{"allow":["GET"]}}],"collection":[{"href":"https:\/\/lesmainsvertesducoeur.fr\/wordpress\/wp-json\/wp\/v2\/pages"}],"about":[{"href":"https:\/\/lesmainsvertesducoeur.fr\/wordpress\/wp-json\/wp\/v2\/types\/page"}],"author":[{"embeddable":true,"href":"https:\/\/lesmainsvertesducoeur.fr\/wordpress\/wp-json\/wp\/v2\/users\/1"}],"replies":[{"embeddable":true,"href":"https:\/\/lesmainsvertesducoeur.fr\/wordpress\/wp-json\/wp\/v2\/comments?post=1639"}],"version-history":[{"count":30,"href":"https:\/\/lesmainsvertesducoeur.fr\/wordpress\/wp-json\/wp\/v2\/pages\/1639\/revisions"}],"predecessor-version":[{"id":3322,"href":"https:\/\/lesmainsvertesducoeur.fr\/wordpress\/wp-json\/wp\/v2\/pages\/1639\/revisions\/3322"}],"wp:attachment":[{"href":"https:\/\/lesmainsvertesducoeur.fr\/wordpress\/wp-json\/wp\/v2\/media?parent=1639"}],"curies":[{"name":"wp","href":"https:\/\/api.w.org\/{rel}","templated":true}]}}